{"id":215912,"date":"2023-09-05T09:23:40","date_gmt":"2023-09-05T07:23:40","guid":{"rendered":"http:\/\/vimova.ch\/mentions-legales\/"},"modified":"2023-09-05T10:14:57","modified_gmt":"2023-09-05T08:14:57","slug":"mentions-legales","status":"publish","type":"page","link":"https:\/\/vimova.ch\/fr\/mentions-legales\/","title":{"rendered":"Mentions l\u00e9gales"},"content":{"rendered":"<p>&nbsp;<\/p>\r\n\r\n<h2 class=\"wp-block-heading  \">Informations g\u00e9n\u00e9rales<\/h2>\r\n\r\n\r\n\r\n<p>Le pr\u00e9sent document constitue les mentions l\u00e9gales r\u00e9gissant l&rsquo;utilisation du site internet https:\/\/vimova.ch (ci-apr\u00e8s d\u00e9nomm\u00e9 \u00ab\u00a0le Site\u00a0\u00bb). Veuillez lire attentivement ces mentions l\u00e9gales avant de parcourir ou d&rsquo;utiliser le Site. En acc\u00e9dant ou en utilisant le Site, vous acceptez d&rsquo;\u00eatre li\u00e9 par ces mentions l\u00e9gales. Si vous n&rsquo;acceptez pas ces conditions, veuillez cesser d&rsquo;utiliser le Site imm\u00e9diatement.<\/p>\r\n\r\n\r\n\r\n<h2 class=\"wp-block-heading  \">Propri\u00e9taire du site<\/h2>\r\n\r\n\r\n\r\n<p>Le Site est d\u00e9tenu et exploit\u00e9 par Emeria Switzerland SA (ci-apr\u00e8s d\u00e9nomm\u00e9 \u00ab\u00a0le Propri\u00e9taire\u00a0\u00bb). Les coordonn\u00e9es du Propri\u00e9taire sont les suivantes :<\/p>\r\n\r\n\r\n\r\n<p>Emeria Switzerland SA<br \/>Place Benjamin-Constant 2<br \/>\r\nCH-1003 Lausanne, Suisse<br \/>dataprotection@dbs-group.ch<\/p>\r\n\r\n\r\n\r\n<h2 class=\"wp-block-heading  \">H\u00e9bergement<\/h2>\r\n\r\n\r\n\r\n<p>Le Site est h\u00e9berg\u00e9 par Infomaniak Network SA (ci-apr\u00e8s d\u00e9nomm\u00e9 \u00ab\u00a0l&rsquo;H\u00e9bergeur\u00a0\u00bb). Les coordonn\u00e9es de l&rsquo;H\u00e9bergeur sont les suivantes :<\/p>\r\n\r\n\r\n\r\n<p>Infomaniak Network SA<br \/>Avenue de la Praille, 26<br \/>\r\n1227 GEN\u00c8VE<\/p>\r\n\r\n\r\n\r\n<h2 class=\"wp-block-heading  \">Contenu du site<\/h2>\r\n\r\n\r\n\r\n<p>Toutes les marques, photographies, textes, commentaires, illustrations, images anim\u00e9es ou non, s\u00e9quences vid\u00e9o, sons, ainsi que toutes les applications informatiques qui pourraient \u00eatre utilis\u00e9es pour faire fonctionner ce site et plus g\u00e9n\u00e9ralement tous les \u00e9l\u00e9ments reproduits ou utilis\u00e9s sur le site sont prot\u00e9g\u00e9s par les lois en vigueur au titre de la propri\u00e9t\u00e9 intellectuelle.<\/p>\r\n\r\n\r\n\r\n<p>Ils sont la propri\u00e9t\u00e9 pleine et enti\u00e8re de l\u2019\u00e9diteur ou de ses partenaires. Toute reproduction, pr\u00e9sentation, utilisation ou adaptation, sous quelque forme que ce soit, de tout ou partie de ces \u00e9l\u00e9ments, y compris les applications informatiques, sans l\u2019accord pr\u00e9alable et \u00e9crit de l\u2019\u00e9diteur, sont strictement interdites. Le fait pour l\u2019\u00e9diteur de ne pas engager de proc\u00e9dure d\u00e8s la prise de connaissance de ces utilisations non autoris\u00e9es ne vaut pas acceptation desdites utilisations et renonciation aux poursuites.<\/p>\r\n\r\n\r\n\r\n<p>L\u2019ensemble du contenu de ce site ne peut \u00eatre utilis\u00e9 et\/ou reproduit sous quelque forme ou support que ce soit sans son accord pr\u00e9alable et \u00e9crit. Les logos et marques figurant sur ce site sont prot\u00e9g\u00e9s et ne peuvent \u00eatre reproduits ou utilis\u00e9s sans autorisation.<\/p>\r\n\r\n\r\n\r\n<p>La cr\u00e9ation de liens hypertextes vers le pr\u00e9sent site ne peut \u00eatre faite qu\u2019avec l\u2019accord pr\u00e9alable et \u00e9crit de l\u2019Editeur qui d\u00e9cline toute responsabilit\u00e9 concernant le contenu des sites quels qu\u2019ils soient, li\u00e9s au pr\u00e9sent site.<\/p>\r\n\r\n\r\n\r\n<h2 class=\"wp-block-heading  \">Donn\u00e9es personnelles<\/h2>\r\n\r\n\r\n\r\n<p>Vous disposez d\u2019un droit d\u2019acc\u00e8s, de rectification et de suppression des donn\u00e9es relatives aux informations vous concernant. Vous pouvez l\u2019exercer en nous envoyant un courrier \u00e0 l\u2019adresse suivante: dataprotection@dbs-group.ch.<\/p>\r\n\r\n\r\n\r\n<h2 class=\"wp-block-heading  \">Propri\u00e9t\u00e9 intellectuelle<\/h2>\r\n\r\n\r\n\r\n<p>L\u2019ensemble du contenu de ce site est la propri\u00e9t\u00e9 de l\u2019Editeur et ne peut \u00eatre utilis\u00e9 et\/ou reproduit sous quelque forme ou support que ce soit sans son accord pr\u00e9alable et \u00e9crit. Les logos et marques figurant sur ce site sont prot\u00e9g\u00e9s et ne peuvent \u00eatre reproduits ou utilis\u00e9s sans autorisation.<\/p>\r\n\r\n\r\n\r\n<p>La cr\u00e9ation de liens hypertextes vers le pr\u00e9sent site ne peut \u00eatre faite qu\u2019avec l\u2019accord pr\u00e9alable et \u00e9crit de l\u2019Editeur qui d\u00e9cline toute responsabilit\u00e9 concernant le contenu des sites quels qu\u2019ils soient, li\u00e9s au pr\u00e9sent site.<\/p>\r\n\r\n\r\n\r\n<h2 class=\"wp-block-heading  \">Cookies<\/h2>\r\n\r\n\r\n\r\n<p>L\u2019Editeur se r\u00e9serve la possibilit\u00e9 d\u2019envoyer des cookies vers l\u2019ordinateur de l\u2019utilisateur au moment de la connexion. Ces cookies sont des fichiers permettant d\u2019enregistrer les informations relatives \u00e0 la navigation de l\u2019ordinateur sur le site. Le visiteur peut s\u2019opposer \u00e0 l\u2019enregistrement de cookies en configurant son ordinateur dans ce sens.<\/p>\r\n\r\n\r\n\r\n<h2 class=\"wp-block-heading  \">Responsabilit\u00e9<\/h2>\r\n\r\n\r\n\r\n<p>Emeria Switzerland SA d\u00e9cline toute responsabilit\u00e9 quant \u00e0 l\u2019usage qui peut \u00eatre fait des informations diffus\u00e9es sur son site. Le contenu du site peut comporter des inexactitudes techniques, erreurs typographiques ou omissions. Ce contenu peut \u00eatre modifi\u00e9 ou mis \u00e0 jour sans pr\u00e9avis. Les \u00e9ventuels liens hypertexte pr\u00e9sents sur le site qui aiguillent les utilisateurs vers d\u2019autres sites Internet n\u2019engagent pas la responsabilit\u00e9 du Propri\u00e9taire quant au contenu des autres sites. Emeria Switzerland SA ne saurait \u00eatre responsable de tout dommage direct ou indirect r\u00e9sultant ou cons\u00e9cutif \u00e0 la diffusion par une tierce personne d\u2019un virus par l\u2019interm\u00e9diaire de notre site et susceptible d\u2019infecter le syst\u00e8me informatique ou la configuration informatique de l\u2019ordinateur de l\u2019utilisateur \u00e0 la suite d\u2019une connexion, l\u2019utilisation, la navigation, t\u00e9l\u00e9chargement \u00e0 ce site.<\/p>\r\n\r\n\r\n\r\n<p>La responsabilit\u00e9 de l\u2019\u00e9diteur ne peut \u00eatre engag\u00e9e en cas de d\u00e9faillance, panne, difficult\u00e9 ou interruption de fonctionnement, emp\u00eachant l\u2019acc\u00e8s au site ou \u00e0 une de ses fonctionnalit\u00e9s.<\/p>\r\n\r\n\r\n\r\n<p>Le mat\u00e9riel de connexion au site que vous utilisez est sous votre responsabilit\u00e9. Vous devez prendre toutes les mesures appropri\u00e9es pour prot\u00e9ger votre mat\u00e9riel et vos propres donn\u00e9es notamment d\u2019attaques virales par internet. Vous \u00eates par ailleurs le seul responsable des sites et donn\u00e9es que vous consultez.<\/p>\r\n\r\n\r\n\r\n<p>L\u2019\u00e9diteur ne pourra \u00eatre tenu responsable en cas de poursuites judiciaires \u00e0 votre encontre :<\/p>\r\n\r\n\r\n\r\n<ul class=\"wp-block-list\">\r\n<li>du fait de l\u2019usage du site ou de tout service accessible via internet<\/li>\r\n<li>du fait du non-respect par vous des pr\u00e9sentes mentions l\u00e9gales<\/li>\r\n<\/ul>\r\n\r\n\r\n\r\n<p>L\u2019\u00e9diteur n\u2019est pas responsable des dommages caus\u00e9s \u00e0 vous-m\u00eame, \u00e0 des tiers et\/ou \u00e0 votre \u00e9quipement du fait de votre connexion ou de votre utilisation du site et vous renoncez \u00e0 toute action contre lui de ce fait.<\/p>\r\n\r\n\r\n\r\n<p>Si l\u2019\u00e9diteur venait \u00e0 faire l\u2019objet d\u2019une proc\u00e9dure amiable ou judiciaire en raison de votre utilisation du site, il pourra se retourner contre vous pour obtenir indemnisation de tous les pr\u00e9judices, sommes, condamnations et frais qui pourraient d\u00e9couler de cette proc\u00e9dure.<\/p>\r\n\r\n\r\n\r\n<h2 class=\"wp-block-heading  \">Liens externes<\/h2>\r\n\r\n\r\n\r\n<p>Le Site peut contenir des liens vers des sites internet de tiers. Ces liens sont fournis \u00e0 titre informatif uniquement. Le Propri\u00e9taire n&rsquo;exerce aucun contr\u00f4le sur le contenu de ces sites et d\u00e9cline toute responsabilit\u00e9 quant \u00e0 leur contenu, leur exactitude ou leur l\u00e9galit\u00e9. L&rsquo;inclusion de liens vers des sites tiers ne signifie pas une approbation ou une association avec ces sites.<\/p>\r\n\r\n\r\n\r\n<h2 class=\"wp-block-heading  \">Modifications des mentions l\u00e9gales<\/h2>\r\n\r\n\r\n\r\n<p>Le Propri\u00e9taire se r\u00e9serve le droit de modifier les pr\u00e9sentes mentions l\u00e9gales \u00e0 tout moment, sans pr\u00e9avis. Les modifications entreront en vigueur d\u00e8s leur publication sur le Site. Il est de votre responsabilit\u00e9 de consulter r\u00e9guli\u00e8rement les mentions l\u00e9gales pour vous tenir inform\u00e9 des \u00e9ventuelles modifications.<\/p>\r\n\r\n\r\n\r\n<h2 class=\"wp-block-heading  \">Droit applicable et juridiction<\/h2>\r\n\r\n\r\n\r\n<p>Les pr\u00e9sentes mentions l\u00e9gales sont r\u00e9gies par les lois en vigueur en Suisse. Tout litige d\u00e9coulant de l&rsquo;utilisation du Site sera soumis \u00e0 la juridiction exclusive des tribunaux comp\u00e9tents de Suisse.<\/p>\r\n\r\n\r\n\r\n<p>Si vous avez des questions concernant ces mentions l\u00e9gales, veuillez nous contacter \u00e0 l&rsquo;adresse e-mail suivante : dataprotection@dbs-group.ch.<\/p>\r\n\r\n\r\n\r\n<p>Derni\u00e8re mise \u00e0 jour : 5 septembre 2023.<\/p>\r\n\r\n<p>&nbsp;<\/p>","protected":false},"excerpt":{"rendered":"<p>&nbsp; Informations g\u00e9n\u00e9rales Le pr\u00e9sent document constitue les mentions l\u00e9gales r\u00e9gissant l&rsquo;utilisation du site internet (ci-apr\u00e8s d\u00e9nomm\u00e9 \u00ab\u00a0le Site\u00a0\u00bb). Veuillez lire attentivement ces mentions l\u00e9gales avant de parcourir ou d&rsquo;utiliser le Site. En acc\u00e9dant ou en utilisant le Site, vous acceptez d&rsquo;\u00eatre li\u00e9 par ces mentions l\u00e9gales. Si vous n&rsquo;acceptez pas ces conditions, veuillez cesser [&hellip;]<\/p>\n","protected":false},"author":1,"featured_media":0,"parent":0,"menu_order":0,"comment_status":"closed","ping_status":"closed","template":"template-page\/template-privacy.php","meta":{"_acf_changed":false,"footnotes":""},"class_list":["post-215912","page","type-page","status-publish","hentry"],"acf":[],"yoast_head":"<!-- This site is optimized with the Yoast SEO plugin v27.5 - https:\/\/yoast.com\/product\/yoast-seo-wordpress\/ -->\n<title>Mentions l\u00e9gales | Vimova<\/title>\n<meta name=\"description\" content=\"Se rendre sur la page \u00ab Mentions l\u00e9gales \u00bb du site Vimova .\" \/>\n<meta name=\"robots\" content=\"index, follow, max-snippet:-1, max-image-preview:large, max-video-preview:-1\" \/>\n<link rel=\"canonical\" href=\"https:\/\/vimova.ch\/fr\/mentions-legales\/\" \/>\n<meta property=\"og:locale\" content=\"fr_FR\" \/>\n<meta property=\"og:type\" content=\"article\" \/>\n<meta property=\"og:title\" content=\"Mentions l\u00e9gales | Vimova\" \/>\n<meta property=\"og:description\" content=\"Se rendre sur la page \u00ab Mentions l\u00e9gales \u00bb du site Vimova .\" \/>\n<meta property=\"og:url\" content=\"https:\/\/vimova.ch\/fr\/mentions-legales\/\" \/>\n<meta property=\"og:site_name\" content=\"Vimova\" \/>\n<meta property=\"article:modified_time\" content=\"2023-09-05T08:14:57+00:00\" \/>\n<meta name=\"twitter:card\" content=\"summary_large_image\" \/>\n<meta name=\"twitter:label1\" content=\"Dur\u00e9e de lecture estim\u00e9e\" \/>\n\t<meta name=\"twitter:data1\" content=\"6 minutes\" \/>\n<script type=\"application\/ld+json\" class=\"yoast-schema-graph\">{\"@context\":\"https:\\\/\\\/schema.org\",\"@graph\":[{\"@type\":\"WebPage\",\"@id\":\"https:\\\/\\\/vimova.ch\\\/fr\\\/mentions-legales\\\/\",\"url\":\"https:\\\/\\\/vimova.ch\\\/fr\\\/mentions-legales\\\/\",\"name\":\"Mentions l\u00e9gales | Vimova\",\"isPartOf\":{\"@id\":\"https:\\\/\\\/vimova.ch\\\/fr\\\/#website\"},\"datePublished\":\"2023-09-05T07:23:40+00:00\",\"dateModified\":\"2023-09-05T08:14:57+00:00\",\"description\":\"Se rendre sur la page \u00ab Mentions l\u00e9gales \u00bb du site Vimova .\",\"breadcrumb\":{\"@id\":\"https:\\\/\\\/vimova.ch\\\/fr\\\/mentions-legales\\\/#breadcrumb\"},\"inLanguage\":\"fr-FR\",\"potentialAction\":[{\"@type\":\"ReadAction\",\"target\":[\"https:\\\/\\\/vimova.ch\\\/fr\\\/mentions-legales\\\/\"]}]},{\"@type\":\"BreadcrumbList\",\"@id\":\"https:\\\/\\\/vimova.ch\\\/fr\\\/mentions-legales\\\/#breadcrumb\",\"itemListElement\":[{\"@type\":\"ListItem\",\"position\":1,\"name\":\"Accueil\",\"item\":\"https:\\\/\\\/vimova.ch\\\/fr\\\/\"},{\"@type\":\"ListItem\",\"position\":2,\"name\":\"Mentions l\u00e9gales\"}]},{\"@type\":\"WebSite\",\"@id\":\"https:\\\/\\\/vimova.ch\\\/fr\\\/#website\",\"url\":\"https:\\\/\\\/vimova.ch\\\/fr\\\/\",\"name\":\"Vimova\",\"description\":\"\",\"publisher\":{\"@id\":\"https:\\\/\\\/vimova.ch\\\/fr\\\/#organization\"},\"potentialAction\":[{\"@type\":\"SearchAction\",\"target\":{\"@type\":\"EntryPoint\",\"urlTemplate\":\"https:\\\/\\\/vimova.ch\\\/fr\\\/?s={search_term_string}\"},\"query-input\":{\"@type\":\"PropertyValueSpecification\",\"valueRequired\":true,\"valueName\":\"search_term_string\"}}],\"inLanguage\":\"fr-FR\"},{\"@type\":\"Organization\",\"@id\":\"https:\\\/\\\/vimova.ch\\\/fr\\\/#organization\",\"name\":\"Vimova\",\"url\":\"https:\\\/\\\/vimova.ch\\\/fr\\\/\",\"logo\":{\"@type\":\"ImageObject\",\"inLanguage\":\"fr-FR\",\"@id\":\"https:\\\/\\\/vimova.ch\\\/fr\\\/#\\\/schema\\\/logo\\\/image\\\/\",\"url\":\"http:\\\/\\\/vimova.ch\\\/wp-content\\\/uploads\\\/2022\\\/12\\\/emeria-logo-menu.png\",\"contentUrl\":\"http:\\\/\\\/vimova.ch\\\/wp-content\\\/uploads\\\/2022\\\/12\\\/emeria-logo-menu.png\",\"width\":382,\"height\":114,\"caption\":\"Vimova\"},\"image\":{\"@id\":\"https:\\\/\\\/vimova.ch\\\/fr\\\/#\\\/schema\\\/logo\\\/image\\\/\"}}]}<\/script>\n<!-- \/ Yoast SEO plugin. -->","yoast_head_json":{"title":"Mentions l\u00e9gales | Vimova","description":"Se rendre sur la page \u00ab Mentions l\u00e9gales \u00bb du site Vimova .","robots":{"index":"index","follow":"follow","max-snippet":"max-snippet:-1","max-image-preview":"max-image-preview:large","max-video-preview":"max-video-preview:-1"},"canonical":"https:\/\/vimova.ch\/fr\/mentions-legales\/","og_locale":"fr_FR","og_type":"article","og_title":"Mentions l\u00e9gales | Vimova","og_description":"Se rendre sur la page \u00ab Mentions l\u00e9gales \u00bb du site Vimova .","og_url":"https:\/\/vimova.ch\/fr\/mentions-legales\/","og_site_name":"Vimova","article_modified_time":"2023-09-05T08:14:57+00:00","twitter_card":"summary_large_image","twitter_misc":{"Dur\u00e9e de lecture estim\u00e9e":"6 minutes"},"schema":{"@context":"https:\/\/schema.org","@graph":[{"@type":"WebPage","@id":"https:\/\/vimova.ch\/fr\/mentions-legales\/","url":"https:\/\/vimova.ch\/fr\/mentions-legales\/","name":"Mentions l\u00e9gales | Vimova","isPartOf":{"@id":"https:\/\/vimova.ch\/fr\/#website"},"datePublished":"2023-09-05T07:23:40+00:00","dateModified":"2023-09-05T08:14:57+00:00","description":"Se rendre sur la page \u00ab Mentions l\u00e9gales \u00bb du site Vimova .","breadcrumb":{"@id":"https:\/\/vimova.ch\/fr\/mentions-legales\/#breadcrumb"},"inLanguage":"fr-FR","potentialAction":[{"@type":"ReadAction","target":["https:\/\/vimova.ch\/fr\/mentions-legales\/"]}]},{"@type":"BreadcrumbList","@id":"https:\/\/vimova.ch\/fr\/mentions-legales\/#breadcrumb","itemListElement":[{"@type":"ListItem","position":1,"name":"Accueil","item":"https:\/\/vimova.ch\/fr\/"},{"@type":"ListItem","position":2,"name":"Mentions l\u00e9gales"}]},{"@type":"WebSite","@id":"https:\/\/vimova.ch\/fr\/#website","url":"https:\/\/vimova.ch\/fr\/","name":"Vimova","description":"","publisher":{"@id":"https:\/\/vimova.ch\/fr\/#organization"},"potentialAction":[{"@type":"SearchAction","target":{"@type":"EntryPoint","urlTemplate":"https:\/\/vimova.ch\/fr\/?s={search_term_string}"},"query-input":{"@type":"PropertyValueSpecification","valueRequired":true,"valueName":"search_term_string"}}],"inLanguage":"fr-FR"},{"@type":"Organization","@id":"https:\/\/vimova.ch\/fr\/#organization","name":"Vimova","url":"https:\/\/vimova.ch\/fr\/","logo":{"@type":"ImageObject","inLanguage":"fr-FR","@id":"https:\/\/vimova.ch\/fr\/#\/schema\/logo\/image\/","url":"http:\/\/vimova.ch\/wp-content\/uploads\/2022\/12\/emeria-logo-menu.png","contentUrl":"http:\/\/vimova.ch\/wp-content\/uploads\/2022\/12\/emeria-logo-menu.png","width":382,"height":114,"caption":"Vimova"},"image":{"@id":"https:\/\/vimova.ch\/fr\/#\/schema\/logo\/image\/"}}]}},"_links":{"self":[{"href":"https:\/\/vimova.ch\/fr\/wp-json\/wp\/v2\/pages\/215912","targetHints":{"allow":["GET"]}}],"collection":[{"href":"https:\/\/vimova.ch\/fr\/wp-json\/wp\/v2\/pages"}],"about":[{"href":"https:\/\/vimova.ch\/fr\/wp-json\/wp\/v2\/types\/page"}],"author":[{"embeddable":true,"href":"https:\/\/vimova.ch\/fr\/wp-json\/wp\/v2\/users\/1"}],"replies":[{"embeddable":true,"href":"https:\/\/vimova.ch\/fr\/wp-json\/wp\/v2\/comments?post=215912"}],"version-history":[{"count":2,"href":"https:\/\/vimova.ch\/fr\/wp-json\/wp\/v2\/pages\/215912\/revisions"}],"predecessor-version":[{"id":215935,"href":"https:\/\/vimova.ch\/fr\/wp-json\/wp\/v2\/pages\/215912\/revisions\/215935"}],"wp:attachment":[{"href":"https:\/\/vimova.ch\/fr\/wp-json\/wp\/v2\/media?parent=215912"}],"curies":[{"name":"wp","href":"https:\/\/api.w.org\/{rel}","templated":true}]}}